{"id":528,"date":"2014-04-23T14:09:01","date_gmt":"2014-04-23T14:09:01","guid":{"rendered":"http:\/\/www.thiery.fr\/?page_id=528"},"modified":"2014-05-30T10:13:30","modified_gmt":"2014-05-30T10:13:30","slug":"histoire-et-legende","status":"publish","type":"page","link":"https:\/\/www.thiery.fr\/?page_id=528","title":{"rendered":"Notes d&rsquo;histoire"},"content":{"rendered":"<h3><span style=\"color: #800000;\">Thi\u00e9ry : notes d\u2019Histoire<\/span><\/h3>\n<p style=\"text-align: justify;\"><span style=\"color: #800000;\"><br \/>\n<span style=\"color: #000000;\">Premi\u00e8re mention du nom du village en 1064 : Teri, Terio, issu de la racine pr\u00e9-latine Ter (=\u00e9minence).Au XII\u00e8me si\u00e8cle l\u2019abbaye b\u00e9n\u00e9dictine de L\u00e9rins poss\u00e8de \u00e0 Thi\u00e9ry le Prieur\u00e9 de La Madone. <\/span><br \/>\n<span style=\"color: #000000;\">Au XIV\u00e8me si\u00e8cle, la seigneurie de Beuil, dont rel\u00e8ve Thi\u00e9ry, appartient \u00e0 la puissante famille des Thorames-Gland\u00e8ves. Le Baron de Beuil, Guillaume Rostaing est massacr\u00e9 en 1315 par les paysans de Thi\u00e9ry \u00e0 qui il voulait imposer le droit de cuissage. Sa fille unique, Astruge, \u00e8pouse Barnab\u00e9 Grimaldi banni de G\u00eanes pour raison politique. Le contrat est sign\u00e9 au ch\u00e2teau de Thi\u00e9ry. <\/span><br \/>\n<span style=\"color: #000000;\">Pour les 3 si\u00e8cles \u00e0 venir l\u2019Histoire de Thi\u00e9ry est li\u00e9e \u00e0 celle des Grimaldi de Beuil. Ceux-ci vont peu \u00e0 peu agrandir leur domaine par la violence et la ruse. Ils poussent le Comt\u00e9 de Nice \u00e0 se \u00ab donner \u00bb au Comte de Savoie en 1388. Ce dernier les r\u00e9compense en leur accordant de nouveaux fiefs. En 1395 Jean et Louis Grimaldi montent une exp\u00e9dition pour reprendre Monaco qui a appartenu un temps \u00e0 un membre de leur famille, Rainier 1er, fondateur de la dynastie actuelle. Apr\u00e8s avoir reconquis le Rocher ils m\u00e8nent leurs troupes jusqu\u2019\u00e0 Vintimille mais ils sont faits prisonniers. Lib\u00e9r\u00e9s contre ran\u00e7on, ils font alliance avec la Provence et la Maison d\u2019Anjou : c\u2019est la guerre avec la Savoie. Vaincus, ils pr\u00eatent de nouveau hommage au Duc. Les g\u00e9n\u00e9rations de Grimaldi se succ\u00e8dent. Leur domination s\u2019\u00e9tend sur une vingtaine de villages. En 1432 Georges Grimaldi partage son domaine avec son fr\u00e8re Honor\u00e9. Il est en train d\u2019intriguer avec la France quand son barbier lui coupe la gorge en le rasant. Les 2 fils d\u2019Honor\u00e9 s\u2019emparent du ch\u00e2teau de Gillette. Les repr\u00e9sailles entrainent des morts et des destructions. L\u2019a\u00een\u00e9, Ren\u00e9, rem<img loading=\"lazy\" decoding=\"async\" class=\"alignright wp-image-1127 size-medium\" src=\"https:\/\/www.thiery.fr\/wp-content\/uploads\/annibal-300x300.jpg\" alt=\"annibal\" width=\"300\" height=\"300\" srcset=\"https:\/\/www.thiery.fr\/wp-content\/uploads\/annibal-300x300.jpg 300w, https:\/\/www.thiery.fr\/wp-content\/uploads\/annibal-150x150.jpg 150w, https:\/\/www.thiery.fr\/wp-content\/uploads\/annibal.jpg 550w\" sizes=\"auto, (max-width: 300px) 100vw, 300px\" \/>place son p\u00e8re en 1537. Il est assassin\u00e9 au ch\u00e2teau d\u2019Entrevaux dans son sommeil par son valet de chambre. Le meurtrier est pendu \u00e0 Villars. Son fils Honor\u00e9 lui succ\u00e8de. Il est fid\u00e8le au Duc de Savoie qui le fait Comte. Les Grimaldi se seraient-ils assagis ? Tout se g\u00e2te avec son fils Annibal. Entre le Duc de Savoie et celui-ci, qui affirmait orgueilleusement \u00ab Io son il conto di Boglio che fa quel que voglio \u00bb, oppositions ouvertes et r\u00e9conciliations alternent. Annibal intrigue avec le Roi de France, Louis XIII, ainsi qu\u2019avec le Roi d\u2019Espagne \u00e0 qui il promet de livrer la ville et le pays de Nice. C\u2019en est trop pour le Duc de Savoie. En 1621 le S\u00e9nat de Nice condamne Annibal \u00e0 mort pour trahison. Assieg\u00e9 dans son ch\u00e2teau de Tourrettes-Revest, il se rend, esp\u00e9rant une fois de plus en la cl\u00e9mence de son Suzerain. Mais celui-ci le fait \u00e9trangler par deux bourreaux turcs. Ainsi finit le dernier Seigneur Grimaldi de Beuil. Le Comt\u00e9 est d\u00e9membr\u00e9, les forteresses ras\u00e9es apr\u00e8s avoir \u00e9t\u00e9 pill\u00e9es par les vainqueurs. Les archives qu\u2019Annibal avait entrepos\u00e9es dans sa place-forte de Thi\u00e9ry, r\u00e9put\u00e9e imprenable, sont transf\u00e9r\u00e9es \u00e0 Nice. Le fief de Thi\u00e9ry avec ses droits seigneuriaux est conc\u00e9d\u00e9 \u00e0 Philibert de Villana, puis en 1634 au Comte Claretti.<\/span><br \/>\n<span style=\"color: #000000;\">A la R\u00e9volution le Comt\u00e9 de Nice est annex\u00e9 \u00e0 la France. En 1793 des combats ont lieu sur le territoire de Thi\u00e9ry et Rigaud avec l\u2019arm\u00e9e de Mass\u00e9na.<\/span><br \/>\n<span style=\"color: #000000;\">Lors du plebiscite de 1860 le village a 217 habitants. Sur 64 inscrits (seuls les hommes majeurs votent) il n\u2019y a que 3 abstentions et 61 oui pour le rattachement \u00e0 la France. Les r\u00eaves enthousiastes du d\u00e9but se heurteront vite \u00e0 la r\u00e9alit\u00e9 tatillonne de l\u2019Administration fran\u00e7aise du Second Empire. D\u00e8s le d\u00e9but du XIX\u00e8me si\u00e8cle la population thi\u00e9roise est en baisse constante. <a title=\"1914-2014   Comm\u00e9moration de la Grande Guerre\" href=\"https:\/\/www.thiery.fr\/?page_id=1116\">La 1\u00e8re guerre mondiale lui portera le coup de gr\u00e2ce.<\/a><\/span><\/span><\/p>\n<p style=\"text-align: justify;\">Claude Cagnol<\/p>\n<p>&nbsp;<\/p>\n<p>&nbsp;<\/p>\n","protected":false},"excerpt":{"rendered":"<p>Thi\u00e9ry : notes d\u2019Histoire Premi\u00e8re mention du nom du village en 1064 : Teri, Terio, issu de la racine pr\u00e9-latine Ter (=\u00e9minence).Au XII\u00e8me si\u00e8cle l\u2019abbaye b\u00e9n\u00e9dictine de L\u00e9rins poss\u00e8de \u00e0 Thi\u00e9ry le Prieur\u00e9 de La Madone. Au XIV\u00e8me si\u00e8cle, la &hellip; <a href=\"https:\/\/www.thiery.fr\/?page_id=528\">Continuer la lecture <span class=\"meta-nav\">&rarr;<\/span><\/a><\/p>\n","protected":false},"author":1,"featured_media":0,"parent":0,"menu_order":0,"comment_status":"closed","ping_status":"open","template":"","meta":{"footnotes":""},"class_list":["post-528","page","type-page","status-publish","hentry"],"_links":{"self":[{"href":"https:\/\/www.thiery.fr\/index.php?rest_route=\/wp\/v2\/pages\/528","targetHints":{"allow":["GET"]}}],"collection":[{"href":"https:\/\/www.thiery.fr\/index.php?rest_route=\/wp\/v2\/pages"}],"about":[{"href":"https:\/\/www.thiery.fr\/index.php?rest_route=\/wp\/v2\/types\/page"}],"author":[{"embeddable":true,"href":"https:\/\/www.thiery.fr\/index.php?rest_route=\/wp\/v2\/users\/1"}],"replies":[{"embeddable":true,"href":"https:\/\/www.thiery.fr\/index.php?rest_route=%2Fwp%2Fv2%2Fcomments&post=528"}],"version-history":[{"count":12,"href":"https:\/\/www.thiery.fr\/index.php?rest_route=\/wp\/v2\/pages\/528\/revisions"}],"predecessor-version":[{"id":788,"href":"https:\/\/www.thiery.fr\/index.php?rest_route=\/wp\/v2\/pages\/528\/revisions\/788"}],"wp:attachment":[{"href":"https:\/\/www.thiery.fr\/index.php?rest_route=%2Fwp%2Fv2%2Fmedia&parent=528"}],"curies":[{"name":"wp","href":"https:\/\/api.w.org\/{rel}","templated":true}]}}